{"id":35,"date":"2014-08-25T16:03:55","date_gmt":"2014-08-25T15:03:55","guid":{"rendered":"http:\/\/www.ondesfragiles.delautrecote.fr\/?page_id=35"},"modified":"2018-04-19T11:49:24","modified_gmt":"2018-04-19T10:49:24","slug":"contact","status":"publish","type":"page","link":"https:\/\/www.ondesfragiles.delautrecote.fr\/?page_id=35","title":{"rendered":"Sur la production"},"content":{"rendered":"<p style=\"text-align: justify;\">Cr\u00e9e en janvier 2007 par un collectif de professionnels, la soci\u00e9t\u00e9<a title=\"site de la production\" href=\"http:\/\/www.delautrecote.fr\" target=\"_blank\"> Les Films de l\u2019Autre C\u00f4t\u00e9 <\/a>est bas\u00e9e \u00e0 Rennes en Bretagne.<\/p>\n<p style=\"text-align: justify;\">Son activit\u00e9 s\u2019oriente autour de deux p\u00f4les principaux que sont la production de documentaires de cr\u00e9ation et la prestation audiovisuelle (films institutionnels, captation \u00e9v\u00e8nementielle, films p\u00e9dagogiques).<\/p>\n<p><img loading=\"lazy\" decoding=\"async\" class=\"aligncenter size-medium wp-image-393\" src=\"https:\/\/www.ondesfragiles.delautrecote.fr\/wp-content\/uploads\/2018\/04\/Logo2018-300x160.jpg\" alt=\"Logo2018\" width=\"300\" height=\"160\" srcset=\"https:\/\/www.ondesfragiles.delautrecote.fr\/wp-content\/uploads\/2018\/04\/Logo2018-300x160.jpg 300w, https:\/\/www.ondesfragiles.delautrecote.fr\/wp-content\/uploads\/2018\/04\/Logo2018-500x266.jpg 500w, https:\/\/www.ondesfragiles.delautrecote.fr\/wp-content\/uploads\/2018\/04\/Logo2018.jpg 590w\" sizes=\"auto, (max-width: 300px) 100vw, 300px\" \/><\/p>\n<p>&nbsp;<\/p>\n<p>&nbsp;<\/p>\n","protected":false},"excerpt":{"rendered":"<p>Cr\u00e9e en janvier 2007 par un collectif de professionnels, la soci\u00e9t\u00e9 Les Films de l\u2019Autre C\u00f4t\u00e9 est bas\u00e9e \u00e0 Rennes en Bretagne. Son activit\u00e9 s\u2019oriente autour de deux p\u00f4les principaux que sont la production de documentaires de cr\u00e9ation et la &hellip; <a href=\"https:\/\/www.ondesfragiles.delautrecote.fr\/?page_id=35\">Continuer la lecture <span class=\"meta-nav\">&rarr;<\/span><\/a><\/p>\n","protected":false},"author":1,"featured_media":0,"parent":0,"menu_order":0,"comment_status":"closed","ping_status":"open","template":"","meta":{"footnotes":""},"class_list":["post-35","page","type-page","status-publish","hentry"],"_links":{"self":[{"href":"https:\/\/www.ondesfragiles.delautrecote.fr\/index.php?rest_route=\/wp\/v2\/pages\/35","targetHints":{"allow":["GET"]}}],"collection":[{"href":"https:\/\/www.ondesfragiles.delautrecote.fr\/index.php?rest_route=\/wp\/v2\/pages"}],"about":[{"href":"https:\/\/www.ondesfragiles.delautrecote.fr\/index.php?rest_route=\/wp\/v2\/types\/page"}],"author":[{"embeddable":true,"href":"https:\/\/www.ondesfragiles.delautrecote.fr\/index.php?rest_route=\/wp\/v2\/users\/1"}],"replies":[{"embeddable":true,"href":"https:\/\/www.ondesfragiles.delautrecote.fr\/index.php?rest_route=%2Fwp%2Fv2%2Fcomments&post=35"}],"version-history":[{"count":14,"href":"https:\/\/www.ondesfragiles.delautrecote.fr\/index.php?rest_route=\/wp\/v2\/pages\/35\/revisions"}],"predecessor-version":[{"id":394,"href":"https:\/\/www.ondesfragiles.delautrecote.fr\/index.php?rest_route=\/wp\/v2\/pages\/35\/revisions\/394"}],"wp:attachment":[{"href":"https:\/\/www.ondesfragiles.delautrecote.fr\/index.php?rest_route=%2Fwp%2Fv2%2Fmedia&parent=35"}],"curies":[{"name":"wp","href":"https:\/\/api.w.org\/{rel}","templated":true}]}}